{"id":2168,"date":"2022-09-25T18:14:42","date_gmt":"2022-09-25T18:14:42","guid":{"rendered":"https:\/\/trailse.com\/?page_id=2168"},"modified":"2026-02-21T17:56:39","modified_gmt":"2026-02-21T17:56:39","slug":"reglament-2","status":"publish","type":"page","link":"https:\/\/trailse.com\/es\/reglament-2\/","title":{"rendered":"Reglament 2"},"content":{"rendered":"<p>[et_pb_section fb_built=&#8221;1&#8243; custom_padding_last_edited=&#8221;on|desktop&#8221; admin_label=&#8221;Header&#8221; _builder_version=&#8221;4.27.5&#8243; background_enable_color=&#8221;off&#8221; background_image=&#8221;https:\/\/trailse.com\/wp-content\/uploads\/2026\/02\/article-trail-sant-esteve-cronica-renault-trail-series-574eb48d42929.jpeg&#8221; custom_padding=&#8221;10vw||10vw||true|false&#8221; custom_padding_tablet=&#8221;|0px|||false|false&#8221; custom_padding_phone=&#8221;|40px|||false|false&#8221; hover_enabled=&#8221;0&#8243; box_shadow_style=&#8221;preset6&#8243; box_shadow_vertical=&#8221;-412px&#8221; box_shadow_blur=&#8221;500px&#8221; box_shadow_spread=&#8221;-270px&#8221; box_shadow_color=&#8221;#160b00&#8243; saved_tabs=&#8221;all&#8221; locked=&#8221;off&#8221; global_colors_info=&#8221;{}&#8221; title_text=&#8221;article-trail-sant-esteve-cronica-renault-trail-series-574eb48d42929&#8243; sticky_enabled=&#8221;0&#8243;][et_pb_row _builder_version=&#8221;4.16&#8243; locked=&#8221;off&#8221; global_colors_info=&#8221;{}&#8221;][et_pb_column type=&#8221;4_4&#8243; _builder_version=&#8221;4.16&#8243; global_colors_info=&#8221;{}&#8221;][et_pb_text _builder_version=&#8221;4.16&#8243; text_text_color=&#8221;rgba(255,207,154,0.7)&#8221; text_font_size=&#8221;16px&#8221; text_line_height=&#8221;1.8em&#8221; header_font=&#8221;Playfair Display||||||||&#8221; header_text_color=&#8221;#ffebd6&#8243; header_font_size=&#8221;10vw&#8221; header_line_height=&#8221;0.9em&#8221; background_layout=&#8221;dark&#8221; header_font_size_tablet=&#8221;70px&#8221; header_font_size_phone=&#8221;50px&#8221; header_font_size_last_edited=&#8221;on|phone&#8221; locked=&#8221;off&#8221; global_colors_info=&#8221;{}&#8221;]<\/p>\n<h1>Reglament<\/h1>\n<p>[\/et_pb_text][\/et_pb_column][\/et_pb_row][et_pb_row column_structure=&#8221;2_3,1_3&#8243; _builder_version=&#8221;4.18.0&#8243; z_index=&#8221;1&#8243; locked=&#8221;off&#8221; global_colors_info=&#8221;{}&#8221;][et_pb_column type=&#8221;2_3&#8243; _builder_version=&#8221;4.16&#8243; background_color=&#8221;rgba(22,11,0,0.75)&#8221; custom_padding=&#8221;80px|80px|80px|80px|true|true&#8221; custom_padding_tablet=&#8221;10vw|10vw|10vw|10vw|true|true&#8221; custom_padding_phone=&#8221;&#8221; custom_padding_last_edited=&#8221;on|phone&#8221; border_width_all=&#8221;2px&#8221; border_color_all=&#8221;#ffcf9a&#8221; global_colors_info=&#8221;{}&#8221;][et_pb_text _builder_version=&#8221;4.18.0&#8243; header_font=&#8221;Playfair Display||||||||&#8221; header_text_color=&#8221;#ffebd6&#8243; header_font_size=&#8221;80px&#8221; header_line_height=&#8221;1.2em&#8221; header_3_font=&#8221;|700||on|||||&#8221; header_3_text_color=&#8221;#ffcf9a&#8221; header_3_font_size=&#8221;14px&#8221; header_3_letter_spacing=&#8221;2px&#8221; header_3_line_height=&#8221;1.2em&#8221; background_layout=&#8221;dark&#8221; max_width=&#8221;550px&#8221; header_font_size_tablet=&#8221;80px&#8221; header_font_size_phone=&#8221;40px&#8221; header_font_size_last_edited=&#8221;on|phone&#8221; global_colors_info=&#8221;{}&#8221;]<\/p>\n<h3>reglament Trail Sant Esteve<\/h3>\n<h1><\/h1>\n<p>[\/et_pb_text][et_pb_text _builder_version=&#8221;4.25.1&#8243; text_font=&#8221;Montserrat|700|||||||&#8221; text_text_color=&#8221;#ffcf9a&#8221; text_font_size=&#8221;24px&#8221; text_line_height=&#8221;1.5em&#8221; header_3_font=&#8221;|700||on|||||&#8221; header_3_text_color=&#8221;rgba(255,207,154,0.4)&#8221; header_3_font_size=&#8221;14px&#8221; header_3_letter_spacing=&#8221;2px&#8221; header_3_line_height=&#8221;2.2em&#8221; background_layout=&#8221;dark&#8221; max_width=&#8221;550px&#8221; custom_margin=&#8221;40px||||false|false&#8221; text_font_size_tablet=&#8221;24px&#8221; text_font_size_phone=&#8221;14px&#8221; text_font_size_last_edited=&#8221;on|phone&#8221; text_text_align=&#8221;left&#8221; global_colors_info=&#8221;{}&#8221;]<\/p>\n<h3>Sant Esteve de Palautordera<\/h3>\n<h3><span style=\"font-size: 24px; color: #ffcf9a;\">26 de juliol 2026<\/span><\/h3>\n<p>[\/et_pb_text][\/et_pb_column][et_pb_column type=&#8221;1_3&#8243; _builder_version=&#8221;4.18.0&#8243; use_background_color_gradient=&#8221;on&#8221; background_color_gradient_stops=&#8221;#ffffff 0%|rgba(255,207,154,0.3) 100%&#8221; background_color_gradient_overlays_image=&#8221;on&#8221; background_color_gradient_start=&#8221;#ffffff&#8221; background_color_gradient_end=&#8221;rgba(255,207,154,0.3)&#8221; background_image=&#8221;https:\/\/trailse.com\/wp-content\/uploads\/2021\/12\/Trail_Sant_Esteve_2020-07-25-21.00.41_\u00a9-Jordi-Sanrtacana-Fotografia.jpg&#8221; transform_scale_tablet=&#8221;&#8221; transform_scale_phone=&#8221;&#8221; transform_scale_last_edited=&#8221;on|desktop&#8221; transform_translate=&#8221;0px|140px&#8221; transform_translate_tablet=&#8221;0px|0px&#8221; transform_translate_phone=&#8221;&#8221; transform_translate_last_edited=&#8221;on|tablet&#8221; transform_translate_linked=&#8221;off&#8221; transform_rotate_tablet=&#8221;&#8221; transform_rotate_phone=&#8221;&#8221; transform_rotate_last_edited=&#8221;on|desktop&#8221; transform_skew_tablet=&#8221;&#8221; transform_skew_phone=&#8221;&#8221; transform_skew_last_edited=&#8221;on|desktop&#8221; transform_origin_tablet=&#8221;&#8221; transform_origin_phone=&#8221;&#8221; transform_origin_last_edited=&#8221;on|desktop&#8221; transform_styles_last_edited=&#8221;on|tablet&#8221; custom_padding=&#8221;60px|40px|60px|40px|false|true&#8221; custom_padding_tablet=&#8221;60px||60px||true|false&#8221; custom_padding_phone=&#8221;40px|40px|40px|40px|true|true&#8221; custom_padding_last_edited=&#8221;on|phone&#8221; transform_styles_tablet=&#8221;&#8221; transform_styles_phone=&#8221;&#8221; global_colors_info=&#8221;{}&#8221;][et_pb_text _builder_version=&#8221;4.25.1&#8243; header_font_size=&#8221;32px&#8221; header_3_font=&#8221;Montserrat|700|||||||&#8221; header_3_font_size=&#8221;32px&#8221; header_3_line_height=&#8221;1.2em&#8221; text_orientation=&#8221;right&#8221; header_font_size_tablet=&#8221;&#8221; header_font_size_phone=&#8221;20px&#8221; header_font_size_last_edited=&#8221;on|desktop&#8221; header_3_font_size_tablet=&#8221;24px&#8221; header_3_font_size_phone=&#8221;20px&#8221; header_3_font_size_last_edited=&#8221;on|phone&#8221; global_colors_info=&#8221;{}&#8221;]<\/p>\n<h3 style=\"text-align: center;\"><span style=\"color: #160b00;\">&#8211; TSE 15k<\/span><\/h3>\n<h3 style=\"text-align: center;\"><span style=\"color: #160b00;\">&#8211; SPEED Trail 10k<\/span><\/h3>\n<p>[\/et_pb_text][et_pb_button button_text=&#8221;m&#8217;incric!&#8221; button_alignment=&#8221;right&#8221; _builder_version=&#8221;4.18.0&#8243; custom_button=&#8221;on&#8221; button_text_size=&#8221;14px&#8221; button_text_color=&#8221;#ffcf9a&#8221; button_bg_color=&#8221;#160b00&#8243; button_border_width=&#8221;0px&#8221; button_border_radius=&#8221;0px&#8221; button_letter_spacing=&#8221;2px&#8221; button_font=&#8221;Montserrat|700||on|||||&#8221; custom_margin=&#8221;100px||||false|false&#8221; custom_margin_tablet=&#8221;20px||||false|false&#8221; custom_margin_phone=&#8221;&#8221; custom_margin_last_edited=&#8221;on|tablet&#8221; custom_padding=&#8221;17px|27px|17px|27px|true|true&#8221; locked=&#8221;off&#8221; global_colors_info=&#8221;{}&#8221; button_text_color__hover=&#8221;#160b00&#8243; button_text_color__hover_enabled=&#8221;on&#8221; button_bg_color__hover=&#8221;#ffcf9a&#8221; button_bg_color__hover_enabled=&#8221;on&#8221; button_bg_enable_color__hover=&#8221;on&#8221;][\/et_pb_button][\/et_pb_column][\/et_pb_row][\/et_pb_section][et_pb_section fb_built=&#8221;1&#8243; admin_label=&#8221;Events&#8221; _builder_version=&#8221;4.18.0&#8243; background_color=&#8221;#160b00&#8243; background_enable_pattern_style=&#8221;on&#8221; background_pattern_style=&#8221;tufted&#8221; background_pattern_color=&#8221;rgba(163,163,163,0.2)&#8221; locked=&#8221;off&#8221; global_colors_info=&#8221;{}&#8221;][et_pb_row custom_padding_last_edited=&#8221;on|tablet&#8221; _builder_version=&#8221;4.16&#8243; custom_padding=&#8221;|60px|||false|false&#8221; custom_padding_tablet=&#8221;|0px|||false|false&#8221; custom_padding_phone=&#8221;&#8221; global_colors_info=&#8221;{}&#8221;][et_pb_column type=&#8221;4_4&#8243; _builder_version=&#8221;4.16&#8243; global_colors_info=&#8221;{}&#8221;][et_pb_text _builder_version=&#8221;4.16&#8243; text_text_color=&#8221;rgba(255,207,154,0.7)&#8221; text_font_size=&#8221;16px&#8221; text_line_height=&#8221;1.8em&#8221; header_2_font=&#8221;Playfair Display||||||||&#8221; header_2_text_color=&#8221;#ffebd6&#8243; header_2_font_size=&#8221;60px&#8221; header_2_line_height=&#8221;1.2em&#8221; background_layout=&#8221;dark&#8221; max_width=&#8221;987px&#8221; custom_padding=&#8221;|0px||||&#8221; header_2_font_size_tablet=&#8221;40px&#8221; header_2_font_size_phone=&#8221;30px&#8221; header_2_font_size_last_edited=&#8221;on|phone&#8221; locked=&#8221;off&#8221; global_colors_info=&#8221;{}&#8221;]<\/p>\n<h2>Reglament<\/h2>\n<p>&#8211; El Trail Sant Esteve \u00e9s una cursa per muntanya organitzada per l\u2019Associaci\u00f3 Esportiva montseny, amb la col\u00b7laboraci\u00f3 de l\u2019ajuntament de Sant Esteve de Palautordera.<br \/>&#8211; El Trail Sant Esteve, t\u00e9 la seva sortida i arribada a Sant Esteve de Palautordera (Barcelona) i es desenvolupa, \u00edntegrament, pel Parc Natural del Montseny, declarat en 1978 Reserva de la Biosfera per l\u2019UNESCO.<br \/>&#8211; El Trail Sant Esteve i l&#8217;Speed Trail, tenen al seva sortida a les 08:00h i 08:30h del dia 26 de juliol del 2026.<br \/>&#8211; El fet de participar en el Trail Sant Esteve en qualsevol de les seves dist\u00e0ncies, suposa l\u2019acceptaci\u00f3 d\u2019aquest reglament. Aquest reglament pot ser modificat a mesura que s\u2019acosta el dia de la prova, segons imprevistos aliens o interns de l\u2019organitzaci\u00f3.<br \/>&#8211; Aquest reglament \u00e9s d\u2019\u00fas i d\u2019obligat compliment, per a totes les modalitats i categories del Trail Sant Esteve.<br \/>&#8211; En el TSE te un temps l\u00edmit de 3 hores 30 minuts i l&#8217;Speed Trail de 3 hores.<\/p>\n<p><strong>Modalitats<\/strong><br \/>El Trail Sant Esteve disposar\u00e0 de dues modalitats: El TSE15k i l&#8217;Speed Trail10k.<br \/><strong>Inscripcions<\/strong><br \/>&#8211; L\u2019inscripci\u00f3 \u00e9s personal i intransferible.<br \/>&#8211; Les inscripcions al \u201cTrail Sant Esteve\u201d es realitzaran mitjant\u00e7an la web de <a href=\"http:\/\/www.montsigus.com\">www.montsigus.com<\/a><\/p>\n<p><strong>Possibles incid\u00e8ncies<\/strong><br \/>&#8211; L\u2019organitzaci\u00f3 es reserva el dret d\u2019anul\u00b7lar la prova o modificar el recorregut aix\u00ed com els seus horaris si per qualsevol circumst\u00e0ncia ho creu convenient.<br \/>&#8211; En cas d\u2019anul\u00b7laci\u00f3 o b\u00e9 apla\u00e7ament de la cursa per causes de for\u00e7a major, el o la corredor\/a no tindr\u00e0 dret a la reclamaci\u00f3 de l\u2019import de l\u2019inscripci\u00f3, si aquest es produeix a partir del 30 juny. Abans del 30 de juny, el o la participant tindr\u00e0 dret a demanar la devoluci\u00f3 de la inscripci\u00f3 i aquesta ser\u00e0 del 50% del import original, o b\u00e9 traspasar la inscripci\u00f3 a la seg\u00fcent data proposada per l\u2019organitzaci\u00f3 aix\u00ed com a la propera edici\u00f3.<\/p>\n<p>&#8211; Fins al 30 de juny tots els i les participants, podran demanar un canvi de la seva inscripci\u00f3, aix\u00ed com la devoluci\u00f3 de la mateixa i aquesta ser\u00e0 del 60% del import total.<br \/>&#8211; Passat el 30 de juny, sota cap circumst\u00e0ncia es podran fer ni canvis ni cancel\u00b7lacions de la inscripci\u00f3.<\/p>\n<p>Procediment per canvis o devolucions:<\/p>\n<p>1- Per realitzar un canvi de dist\u00e0ncia, el o la participant haur\u00e0 de fer una nova inscripci\u00f3 en la dist\u00e0ncia desitjada i enviar un email a <a href=\"mailto:trailsantesteve@gmail.com\">trailsantesteve@gmail.com<\/a> indicant les seves dades personals m\u00e9s els \u00faltims quatre d\u00edgits de la targeta amb la que \u00e9s va realitzar el pagamet on rebr\u00e0 la devoluci\u00f3 de la inscripci\u00f3 original.<\/p>\n<p>2- Per demanar la cancel\u00b7laci\u00f3 d&#8217;una inscripci\u00f3, el participant haur\u00e0 d&#8217;enviar un email a <a href=\"mailto:trailsantesteve@gmail.com\">trailsantesteve@gmail.com<\/a> indicant les seves dades personals m\u00e9s els \u00faltims quatre d\u00edgits de la targeta amb la que \u00e9s va realitzar el pagamet, i la devoluci\u00f3 ser\u00e0 del 60% del seu valor.<\/p>\n<p><strong>Participaci\u00f3<\/strong><br \/>&#8211; L\u2019organitzaci\u00f3 no es fa responsable de possibles accidents o lesions dels participants, cada corredor ha de ser conscient de per on correm i el tipus de terreny pel qual s\u2019est\u00e0 desenvolupant la cursa, adequant els ritmes de carrera a les circumst\u00e0ncies espec\u00edfiques de cada tram, recalquem l\u2019import\u00e0ncia de con\u00e8ixer els nostres l\u00edmits tant f\u00edsics com t\u00e8cnics, aix\u00ed com de saber quin tipus d\u2019indument\u00e0ria vestir.<br \/>&#8211; Els menors de 18 anys nom\u00e9s podran participar sota perm\u00eds dels seus pares o tutors legals, aquests reconeixen la duresa del recorregut tant en totes les seves dist\u00e0ncies i asseguren que els menors s\u00f3n completament aptes per afrontar la duresa de la cursa, i es fan ells mateixos responsables \u00fanics de la participaci\u00f3 del menor.<br \/>&#8211; Els participants al &#8220;Trail Sant Esteve&#8221; i l\u2019Speed Trail s\u00f3n conscients de la duresa d&#8217;aquesta prova, s\u00f3n sabedors que es realitza a l&#8217;aire lliure i que les condicions meteorol\u00f2giques juguen un paper molt important, i que aquest fet incideix directament augmentant encar\u00e0 m\u00e9s aquesta duresa.<br \/>&#8211; El participant que es vegi indisposat per alguna ra\u00f3, estar\u00e0 obligat abandonar la seva participaci\u00f3 al Trail Sant Esteve i o l\u2019Speed Trail, l&#8217;organitzaci\u00f3 del Trail Sant Esteve mai no obliga a ning\u00fa a seguir amb la seva participaci\u00f3, i en aquestes circumst\u00e0ncies el participant haur\u00e0 de donar av\u00eds mitjan\u00e7ant: el tel\u00e8fon impr\u00e8s al dorsal o b\u00e9 al 112, segons ell consideri, i en el cas d\u2019abandonament pels seus propis medis, aquest comunicar\u00e0 l&#8217;aband\u00f3 a l\u2019organitzaci\u00f3 del TSE.<br \/>&#8211; No es permet c\u00f3rrer amb gos, ja que es passa per zones ramaderes.<\/p>\n<p><strong>Recorregut<\/strong><br \/>&#8211; Els corredors han de seguir en tot moment les cintes d\u2019abalisament del recorregut, aquest ser\u00e0 marcat durant la setmana pr\u00e8via a la cursa, revisat el dia abans, i tornat a revisar unes hores abans de la competici\u00f3, no en va, l\u2019organitzaci\u00f3 no pot fer-se responsable de les possibles incid\u00e8ncies per part de tercers malintencionadament.<\/p>\n<p>&#8211; Temps l\u00edmit per realitzar el TSE, 3 hores 30 minuts.<\/p>\n<p><strong>Ser\u00e0 motiu de desqualificaci\u00f3:<\/strong><br \/>&#8211; No passar per tots els controls.<br \/>&#8211; No portar el pitrall en un lloc a la part davantera ben visible, per a facilitar la tasca dels controls.<br \/>&#8211; No tenir cura de l\u2019entorn per on es desenvolupa la prova, o actituds poc respectuoses amb les normes del Parc Natural del Montseny.<br \/>&#8211; No avisar al control m\u00e9s proper o no prestar auxili a qualsevol participant que pugui sofrir algun tipus d\u2019accident.<br \/>&#8211; Superar el temps marcats per l\u2019organitzaci\u00f3.<br \/>&#8211; No atendre les indicacions del personal de l\u2019organitzaci\u00f3.<\/p>\n<p>&#8211; No estar present a l&#8217;entrega de premis sense causa justificada.<\/p>\n<p><strong>Possible interrupci\u00f3<\/strong><\/p>\n<p>&#8211; Si la cursa s\u2019ha d\u2019interrompre i suspendre, la classificaci\u00f3 es determinar\u00e0 en l\u2019\u00faltim punt de control de pas establert i, en aquest sup\u00f2sit es determinaria la classificaci\u00f3 segons l\u2019ordre i temps d\u2019arribada dels participants en aquest punt.<br \/><strong>Categories<\/strong><br \/>&#8211; Les categories del Trail Sant Esteve en les seves modalitats TSE i Speed:<\/p>\n<p>Absoluts; tots els participants.<\/p>\n<p>Veterans; de 40 anys o m\u00e9s.<\/p>\n<p>&#8211; Entrega de premis; l\u2019entrega de premis es realitzar\u00e0 a les 12:30h pm.<\/p>\n<p>Mitjan\u00e7ant el registre i el pagament de la meva inscripci\u00f3, manifesto:<br \/>1. Que he llegit, ent\u00e8s i accepto \u00edntegrament el reglament de la prova esportiva denominada Trail Sant Esteve en totes les seves dist\u00e0cies, amb sortida i arribada a Sant Esteve de Palautordera.<br \/>2. Que estic segur d\u2019estar f\u00edsica i psicol\u00f2gicament ben preparat per realitzar la prova i que segueixo els controls m\u00e8dics adequats per garantir que disposo de prou bona salut i de no patir cap malaltia, al\u00b7l\u00e8rgia, defecte f\u00edsic, lesi\u00f3 o afecci\u00f3 cardiorespirat\u00f2ria que desaconselli la meva participaci\u00f3 en el Trail Sant Esteve.<br \/>3. Que s\u00f3c plenament conscient de la duresa de la prova, del recorregut, perfil i dist\u00e0ncia de la mateixa, els quals he consultat pr\u00e8viament al web www.trailse.com<br \/>4. Que s\u00f3c conscient que aquest tipus de proves comporten un risc addicional pels participants. Per aix\u00f2, hi assisteixo de manera volunt\u00e0ria i amb iniciativa pr\u00f2pia, assumint \u00edntegrament els riscos i les conseq\u00fc\u00e8ncies derivades de la meva participaci\u00f3.<br \/>5. Que disposo dels materials, mitjans, coneixements i destreses t\u00e8cniquessuficients per garantir la meva pr\u00f2pia seguretat, en l\u2019entorn i en condicions de plena autonomia. Que disposo tamb\u00e9 del material esportiu i de seguretat exigit per l\u2019organitzaci\u00f3 per el dia de la prova, garantint que aquest es troba en bon estat, que s\u00e9 utilitzar-lo adequadament i que el dur\u00e9 damunt meu durant tota la prova.<br \/>6. Que em comprometo a complir les normes i els protocols de seguretat establerts per l\u2019organitzaci\u00f3 del Trail Sant Esteve, en la qual hi prenc part, aix\u00ed com a mantenir un comportament responsable que no faci augmentar els riscos per a la meva integritat f\u00edsica o ps\u00edquica. Seguir\u00e9 les instruccions i acatar\u00e9 les decisions que prenguin des de l\u2019organitzaci\u00f3 (voluntaris, jutges, metges i<br \/>organitzadors) en temes de seguretat.<br \/>7. Que autoritzo als Serveis M\u00e8dics de la prova a que em practiquin qualsevol cura o prova diagn\u00f2stica que ells considerin en qualsevol moment de la prova, l\u2019hagi o no sol\u00b7licitat jo mateix. Davant dels seus requeriments, em comprometo a abandonar la prova i\/o permetre la meva hospitalitzaci\u00f3, si ells ho creuen necessari per a la meva salut.<br \/>8. Que autoritzo a l\u2019organitzaci\u00f3 de la prova aix\u00ed com a les empreses col\u00b7laboradores d\u2019aquesta a fer i utilitzar qualsevol fotografia, filmaci\u00f3 o gravaci\u00f3 que es faci, sempre i quant estigui relacionada amb la meva participaci\u00f3 en aquest esdeveniment, i a no percebre cap tipus de contraprestaci\u00f3 a canvi.<br \/>9. Que abans o durant la prova no consumir\u00e9 subst\u00e0ncies prohibides, considerades com a d\u00f2ping per les federacions de muntanya i atletisme.<br \/>10. Que s\u00f3c conscient que el meu dorsal \u00e9s personal i intransferible, per la qual cosa no el cedir\u00e9 o vendr\u00e9 a cap altra persona, incl\u00fas en el cas que jo no pugui assistir a la prova, sense el consentiment de l\u2019organitzaci\u00f3.<br \/>11. Que participo volunt\u00e0riament i sota la meva pr\u00f2pia responsabilitat a la prova. Per tant, exonero de qualsevol responsabilitat a l\u2019organitzaci\u00f3, col\u00b7laboradors, patrocinadors i altres participants, per qualsevol dany f\u00edsic o material que es produeixi en la meva persona i, per tant, renuncio a interposar den\u00fancia o demanda contra els esmentats.<br \/>12. Que em comprometo a seguir les pautes generals de respecte als dem\u00e9s i al medi ambient que es relacionen tot seguit:<br \/>a) Transitar amb prud\u00e8ncia i segons les normes establertes per pistes i carreteres obertes al tr\u00e0nsit.<br \/>b) Transitar a poc a poc en pres\u00e8ncia de persones, animals o vehicles.<br \/>c) No provocar alteracions en els processos i en el funcionament natural dels ecosistemes.<br \/>d) No deteriorar els recursos bi\u00f2tics, geol\u00f2gics, culturals o, en general, el paisatge.<br \/>e) Esquivar o evitar les zones mediambientalment sensibles.<br \/>f) Realitzar les necessitats fisiol\u00f2giques en els llocs adients o, en tot cas, fora de l\u2019aigua i lluny de llocs de pas o reuni\u00f3 de persones.<br \/>g) No encendre foc ni provocar situacions de risc d\u2019incendi.<br \/>h) No utilitzar o instal\u00b7lar cap tipus d\u2019estructura o element que deixi empremta permanent en el medi.<br \/>i) No llen\u00e7ar ni abandonar objectes o residus s\u00f2lids o l\u00edquids fora dels llocs habilitats expressament per a la recollida d\u2019aquests.<br \/>j) No sortir del recorregut marcat.<br \/>k) Tancar les tanques o fils per bestiar, que em vegi obligat a obrir al meu pas.<br \/>&#8211; El dret a la pr\u00f2pia imatge \u00e9s un dret reconegut en l\u2019article 18.1 de la Constituci\u00f3 i regulat en la Llei 5\/1982, de 5 de maig, sobre el dret a l\u2019honor, a la intimitat personal i familiar, i a la pr\u00f2pia imatge, aix\u00ed com en l\u2019aplicaci\u00f3 de la Llei Org\u00e0nica 15\/1999 de Protecci\u00f3 de Dades de Car\u00e0cter Personal, de 13 de desembre. L\u2019acceptaci\u00f3 del present reglament implica obligat\u00f2riament que el participant autoritza a l\u2019organitzaci\u00f3 del Trail Sant Esteve a la realitzaci\u00f3 de fotografies i filmaci\u00f3 de la seva participaci\u00f3 al Trail Sant Esteve, i els d\u00f3na el seu consentiment per la seva difusi\u00f3 i explotaci\u00f3 incl\u00f2s en fins comercials i publicitaris de totes les imatges preses durant el Trail Sant Esteve, i en les quals resulti clarament identificable, sense dret per part del corredor a rebre<br \/>cap compensaci\u00f3 econ\u00f2mica.<br \/>&#8211; Fot\u00f2grafs externs, tots els fot\u00f2grafs externs han de notificar la seva pres\u00e8ncia a l&#8217;organitzaci\u00f3 per tal de ser acreditats.<br \/>&#8211; Tots els participants al Trail Sant Esteve cedeixen les seves dades personals a l&#8217;organitzaci\u00f3 aix\u00ed com a les empreses col\u00b7laboradores d&#8217;aquesta, en el cas de no estar d&#8217;acord en aquest punt, podeu enviar un mail a trailsantesteve@gmail.com on sereu donats de baixa.<br \/>Repetim, el fet de realitzar el pagament de l\u2019inscripci\u00f3 al Trail Sant Esteve, Speed Trail i o Marxa, vol dir que has ent\u00e8s i acceptat \u00edntegrament aquest reglament.<br \/>&#8211; La participaci\u00f3 a la cursa, suposa l\u2019acceptaci\u00f3 d\u2019aquest reglament, aix\u00ed com eximeix als organitzadors de qualsevol responsabilitat en cas d\u2019accident o lesi\u00f3, el corredor reconeix haver llegit i ent\u00e8s tots els punts del reglament del Trail Sant Esteve, a totes les seves modalitats i categories.<br \/>&#8211; Alguns dels articles d&#8217;aquest reglament s\u00f3n cl\u00e0usules d&#8217;adhesi\u00f3 per a la participaci\u00f3 a la carrera, i no han estat negociades individualment pels participants, tot corredor o corredora que no estigui d&#8217;acord en algun punt, haur\u00e0 d&#8217;enviar un mail a trailsantesteve@gmail.com on ser\u00e0 at\u00e8s individualment.<br \/>&#8211; Molt important, en cas de no estar d&#8217;acord amb aquest reglament, si us plau, NO feu la vostra inscripci\u00f3, ja que arribat el cas s&#8217;aplicar\u00e0 \u00edntegrament.<br \/>&#8211; Tr\u00e0mits i reclamacions, aquest es faran exclusivament mitjan\u00e7ant el mail oficial de la cursa trailsantesteve@gmail.com no sent v\u00e0lids, altres mitjans com les xarxes socials.<br \/>TOT ALL\u00d2 QUE NO ESTIGUI PREVIST QUEDA SOTA LA DECISI\u00d3 DE L\u2019ORGANITZACI\u00d3.<\/p>\n<p>[\/et_pb_text][\/et_pb_column][\/et_pb_row][\/et_pb_section]<\/p>\n","protected":false},"excerpt":{"rendered":"<p>Reglamentreglament Trail Sant Esteve Sant Esteve de Palautordera 26 de juliol 2026- TSE 15k &#8211; SPEED Trail 10kReglament &#8211; El Trail Sant Esteve \u00e9s una cursa per muntanya organitzada per l\u2019Associaci\u00f3 Esportiva montseny, amb la col\u00b7laboraci\u00f3 de l\u2019ajuntament de Sant Esteve de Palautordera.- El Trail Sant Esteve, t\u00e9 la seva sortida i arribada a Sant [&hellip;]<\/p>\n","protected":false},"author":4,"featured_media":0,"parent":0,"menu_order":0,"comment_status":"closed","ping_status":"closed","template":"","meta":{"_et_pb_use_builder":"on","_et_pb_old_content":"","_et_gb_content_width":"","footnotes":""},"class_list":["post-2168","page","type-page","status-publish","hentry"],"_links":{"self":[{"href":"https:\/\/trailse.com\/es\/wp-json\/wp\/v2\/pages\/2168","targetHints":{"allow":["GET"]}}],"collection":[{"href":"https:\/\/trailse.com\/es\/wp-json\/wp\/v2\/pages"}],"about":[{"href":"https:\/\/trailse.com\/es\/wp-json\/wp\/v2\/types\/page"}],"author":[{"embeddable":true,"href":"https:\/\/trailse.com\/es\/wp-json\/wp\/v2\/users\/4"}],"replies":[{"embeddable":true,"href":"https:\/\/trailse.com\/es\/wp-json\/wp\/v2\/comments?post=2168"}],"version-history":[{"count":20,"href":"https:\/\/trailse.com\/es\/wp-json\/wp\/v2\/pages\/2168\/revisions"}],"predecessor-version":[{"id":2720,"href":"https:\/\/trailse.com\/es\/wp-json\/wp\/v2\/pages\/2168\/revisions\/2720"}],"wp:attachment":[{"href":"https:\/\/trailse.com\/es\/wp-json\/wp\/v2\/media?parent=2168"}],"curies":[{"name":"wp","href":"https:\/\/api.w.org\/{rel}","templated":true}]}}