{"id":2175,"date":"2022-09-23T15:27:17","date_gmt":"2022-09-23T15:27:17","guid":{"rendered":"https:\/\/trailse.com\/?page_id=2175"},"modified":"2026-04-06T17:09:16","modified_gmt":"2026-04-06T17:09:16","slug":"trail27k-2","status":"publish","type":"page","link":"https:\/\/trailse.com\/es\/trail27k-2\/","title":{"rendered":"TSE"},"content":{"rendered":"<p>[et_pb_section fb_built=&#8221;1&#8243; custom_padding_last_edited=&#8221;on|phone&#8221; admin_label=&#8221;Header&#8221; _builder_version=&#8221;4.27.4&#8243; background_color_gradient_direction=&#8221;90deg&#8221; background_image=&#8221;https:\/\/trailse.com\/wp-content\/uploads\/2022\/09\/tse27-web-2023-cxm.jpg&#8221; custom_padding=&#8221;40px|40px|40px|40px|true|true&#8221; custom_padding_tablet=&#8221;|10%||10%|false|true&#8221; custom_padding_phone=&#8221;|5%||5%|false|true&#8221; locked=&#8221;off&#8221; global_colors_info=&#8221;{}&#8221;][et_pb_row column_structure=&#8221;2_5,3_5&#8243; _builder_version=&#8221;4.27.4&#8243; z_index=&#8221;0&#8243; width=&#8221;100%&#8221; max_width=&#8221;100%&#8221; custom_padding=&#8221;0px||0px||true|false&#8221; border_width_all=&#8221;4px&#8221; border_color_all=&#8221;#ffcf9a&#8221; border_width_all_tablet=&#8221;2px&#8221; border_width_all_phone=&#8221;&#8221; border_width_all_last_edited=&#8221;on|desktop&#8221; box_shadow_style=&#8221;preset1&#8243; box_shadow_blur=&#8221;0px&#8221; box_shadow_spread=&#8221;80px&#8221; box_shadow_color=&#8221;rgba(0,0,0,0.7)&#8221; global_colors_info=&#8221;{}&#8221;][et_pb_column type=&#8221;2_5&#8243; _builder_version=&#8221;4.16&#8243; global_colors_info=&#8221;{}&#8221;][\/et_pb_column][et_pb_column type=&#8221;3_5&#8243; _builder_version=&#8221;4.27.4&#8243; background_enable_color=&#8221;off&#8221; custom_padding=&#8221;10vw|80px|150px|80px|false|true&#8221; custom_padding_tablet=&#8221;60px|60px|60px|60px|true|true&#8221; custom_padding_phone=&#8221;20px|20px|20px|20px|true|true&#8221; custom_padding_last_edited=&#8221;on|phone&#8221; background_color_tablet=&#8221;rgba(0,0,0,0.76)&#8221; background_last_edited=&#8221;on|phone&#8221; background_enable_color_tablet=&#8221;on&#8221; global_colors_info=&#8221;{}&#8221;][et_pb_text _builder_version=&#8221;4.27.5&#8243; header_font=&#8221;Playfair Display||||||||&#8221; header_text_color=&#8221;#ffebd6&#8243; header_font_size=&#8221;80px&#8221; header_line_height=&#8221;1.2em&#8221; header_3_font=&#8221;|700||on|||||&#8221; header_3_text_color=&#8221;#ffcf9a&#8221; header_3_font_size=&#8221;14px&#8221; header_3_letter_spacing=&#8221;2px&#8221; header_3_line_height=&#8221;1.2em&#8221; background_color=&#8221;RGBA(255,255,255,0)&#8221; use_background_color_gradient=&#8221;on&#8221; background_color_gradient_stops=&#8221;#ffffff 20%|rgba(255,255,255,0) 100%&#8221; background_layout=&#8221;dark&#8221; max_width=&#8221;550px&#8221; custom_padding=&#8221;0px|||||&#8221; header_font_size_tablet=&#8221;80px&#8221; header_font_size_phone=&#8221;40px&#8221; header_font_size_last_edited=&#8221;on|phone&#8221; global_colors_info=&#8221;{}&#8221;]<\/p>\n<h2><strong><span style=\"color: #000000;\">26-07-2025<\/span><\/strong><\/h2>\n<h1><span style=\"color: #000000;\">Trail Sant Esteve 15k<\/span><\/h1>\n<p>[\/et_pb_text][et_pb_button button_url=&#8221;https:\/\/montsignus.com\/producto\/trail-sant-esteve\/&#8221; button_text=&#8221;M&#8217;inscric&#8221; _builder_version=&#8221;4.27.4&#8243; custom_button=&#8221;on&#8221; button_text_size=&#8221;14px&#8221; button_text_color=&#8221;#000000&#8243; button_bg_color=&#8221;#FFFFFF&#8221; button_border_color=&#8221;#FFFFFF&#8221; button_border_radius=&#8221;0px&#8221; button_letter_spacing=&#8221;2px&#8221; button_font=&#8221;Montserrat|700||on|||||&#8221; custom_padding=&#8221;15px|25px|15px|25px|true|true&#8221; global_colors_info=&#8221;{}&#8221; button_text_color__hover=&#8221;#160b00&#8243; button_text_color__hover_enabled=&#8221;on&#8221; button_border_color__hover=&#8221;#ffcf9a&#8221; button_border_color__hover_enabled=&#8221;on&#8221; button_bg_color__hover=&#8221;#ffcf9a&#8221; button_bg_color__hover_enabled=&#8221;on&#8221; button_bg_enable_color__hover=&#8221;on&#8221;][\/et_pb_button][\/et_pb_column][\/et_pb_row][\/et_pb_section][et_pb_section fb_built=&#8221;1&#8243; custom_padding_last_edited=&#8221;on|tablet&#8221; admin_label=&#8221;About&#8221; _builder_version=&#8221;4.27.5&#8243; background_color=&#8221;#160b00&#8243; background_enable_image=&#8221;off&#8221; custom_margin=&#8221;||||false|false&#8221; custom_padding=&#8221;|||40vw|false|false&#8221; custom_padding_tablet=&#8221;|||0vw|false|false&#8221; custom_padding_phone=&#8221;&#8221; locked=&#8221;off&#8221; global_colors_info=&#8221;{}&#8221;][et_pb_row custom_padding_last_edited=&#8221;on|phone&#8221; _builder_version=&#8221;4.18.0&#8243; background_color=&#8221;#ffcf9a&#8221; background_image=&#8221;https:\/\/trailse.com\/wp-content\/uploads\/2022\/09\/bar-01.png&#8221; background_size=&#8221;initial&#8221; background_repeat=&#8221;repeat&#8221; width_tablet=&#8221;&#8221; width_phone=&#8221;90%&#8221; width_last_edited=&#8221;on|desktop&#8221; min_height=&#8221;312px&#8221; custom_margin=&#8221;-200px||||false|false&#8221; custom_margin_tablet=&#8221;0px||||false|false&#8221; custom_margin_phone=&#8221;&#8221; custom_margin_last_edited=&#8221;on|tablet&#8221; custom_padding=&#8221;80px|60px|80px|60px|true|true&#8221; custom_padding_tablet=&#8221;50px|50px|50px|50px|true|true&#8221; custom_padding_phone=&#8221;40px|40px|40px|40px|true|true&#8221; locked=&#8221;off&#8221; global_colors_info=&#8221;{}&#8221;][et_pb_column type=&#8221;4_4&#8243; _builder_version=&#8221;4.16&#8243; custom_padding_tablet=&#8221;60px|60px|0px|60px|false|true&#8221; custom_padding_last_edited=&#8221;off|phone&#8221; global_colors_info=&#8221;{}&#8221;][et_pb_text _builder_version=&#8221;4.23.1&#8243; text_font=&#8221;|600|||||||&#8221; text_text_color=&#8221;#000000&#8243; header_3_font=&#8221;Montserrat|700|||||||&#8221; header_4_font=&#8221;Montserrat|700||on|||||&#8221; header_4_text_color=&#8221;rgba(255,207,154,0.7)&#8221; header_4_letter_spacing=&#8221;2px&#8221; header_4_line_height=&#8221;1.2em&#8221; max_width=&#8221;550px&#8221; custom_margin_tablet=&#8221;||40px||false|false&#8221; custom_margin_phone=&#8221;||30px||false|false&#8221; custom_margin_last_edited=&#8221;off|phone&#8221; custom_padding=&#8221;3px||18px||false|false&#8221; header_3_font_size_tablet=&#8221;18px&#8221; header_3_font_size_phone=&#8221;16px&#8221; header_3_font_size_last_edited=&#8221;on|tablet&#8221; locked=&#8221;off&#8221; global_colors_info=&#8221;{}&#8221;]<\/p>\n<p><strong>Trail Sant Esteve 15k.<\/strong><br \/>TSE XVII anys obrint tra\u00e7ada, la degana, la primera de les curses per muntanya a les nostres contrades.<\/p>\n<p>Amb sortida i arribada a Sant Esteve de Palautordera, et portar\u00e0 per corriols i camins de bosc, tot passant pel panta dels Regants, Castell de Fluvi\u00e0, La Tordera, el Castell de Montcl\u00fas i Santa Magdalena.<br \/>Si t&#8217;agraden les curses per muntanya no te la pots perdre.<\/p>\n<p>[\/et_pb_text][\/et_pb_column][\/et_pb_row][\/et_pb_section][et_pb_section fb_built=&#8221;1&#8243; admin_label=&#8221;Menu&#8221; _builder_version=&#8221;4.16&#8243; background_color=&#8221;#160b00&#8243; custom_margin=&#8221;-44px|||||&#8221; global_colors_info=&#8221;{}&#8221;][et_pb_row column_structure=&#8221;1_2,1_2&#8243; _builder_version=&#8221;4.16&#8243; min_height=&#8221;434.5px&#8221; custom_padding=&#8221;||17px|||&#8221; locked=&#8221;off&#8221; global_colors_info=&#8221;{}&#8221;][et_pb_column type=&#8221;1_2&#8243; _builder_version=&#8221;4.16&#8243; global_colors_info=&#8221;{}&#8221;][et_pb_text _builder_version=&#8221;4.16&#8243; text_text_color=&#8221;rgba(255,207,154,0.7)&#8221; text_font_size=&#8221;16px&#8221; text_line_height=&#8221;1.8em&#8221; header_3_font=&#8221;Montserrat|700|||||||&#8221; header_3_text_color=&#8221;#ffcf9a&#8221; header_3_font_size=&#8221;24px&#8221; header_3_line_height=&#8221;1.5em&#8221; text_orientation=&#8221;center&#8221; background_layout=&#8221;dark&#8221; max_width=&#8221;640px&#8221; module_alignment=&#8221;center&#8221; custom_margin=&#8221;||10px||false|false&#8221; header_3_font_size_tablet=&#8221;&#8221; header_3_font_size_phone=&#8221;14px&#8221; header_3_font_size_last_edited=&#8221;on|desktop&#8221; locked=&#8221;off&#8221; global_colors_info=&#8221;{}&#8221;]<\/p>\n<h3>Sortida-Arribada<\/h3>\n<p>Pla\u00e7a Joan Serra, Sant Esteve de Palautordera<\/p>\n<p>[\/et_pb_text][et_pb_text _builder_version=&#8221;4.27.5&#8243; text_text_color=&#8221;rgba(255,207,154,0.7)&#8221; text_font_size=&#8221;16px&#8221; text_line_height=&#8221;1.8em&#8221; header_3_font=&#8221;Montserrat|700|||||||&#8221; header_3_text_color=&#8221;#ffcf9a&#8221; header_3_font_size=&#8221;24px&#8221; header_3_line_height=&#8221;1.5em&#8221; text_orientation=&#8221;center&#8221; background_layout=&#8221;dark&#8221; max_width=&#8221;640px&#8221; module_alignment=&#8221;center&#8221; custom_margin=&#8221;||10px||false|false&#8221; header_3_font_size_tablet=&#8221;&#8221; header_3_font_size_phone=&#8221;14px&#8221; header_3_font_size_last_edited=&#8221;on|desktop&#8221; locked=&#8221;off&#8221; global_colors_info=&#8221;{}&#8221;]<\/p>\n<h3>Dia i hora de sortida<\/h3>\n<p>Diumenge 26 de juliol a les 08:00h<\/p>\n<p>[\/et_pb_text][et_pb_text _builder_version=&#8221;4.27.3&#8243; text_text_color=&#8221;rgba(255,207,154,0.7)&#8221; text_font_size=&#8221;16px&#8221; text_line_height=&#8221;1.8em&#8221; header_3_font=&#8221;Montserrat|700|||||||&#8221; header_3_text_color=&#8221;#ffcf9a&#8221; header_3_font_size=&#8221;24px&#8221; header_3_line_height=&#8221;1.5em&#8221; text_orientation=&#8221;center&#8221; background_layout=&#8221;dark&#8221; max_width=&#8221;640px&#8221; module_alignment=&#8221;center&#8221; custom_margin=&#8221;||10px||false|false&#8221; header_3_font_size_tablet=&#8221;&#8221; header_3_font_size_phone=&#8221;14px&#8221; header_3_font_size_last_edited=&#8221;on|desktop&#8221; locked=&#8221;off&#8221; global_colors_info=&#8221;{}&#8221;]<\/p>\n<h3>Temps l\u00edmit<\/h3>\n<p>3h 30 minuts.<\/p>\n<p>[\/et_pb_text][et_pb_text _builder_version=&#8221;4.27.5&#8243; text_text_color=&#8221;rgba(255,207,154,0.7)&#8221; text_font_size=&#8221;16px&#8221; text_line_height=&#8221;1.8em&#8221; header_3_font=&#8221;Montserrat|700|||||||&#8221; header_3_text_color=&#8221;#ffcf9a&#8221; header_3_font_size=&#8221;24px&#8221; header_3_line_height=&#8221;1.5em&#8221; text_orientation=&#8221;center&#8221; background_layout=&#8221;dark&#8221; max_width=&#8221;640px&#8221; module_alignment=&#8221;center&#8221; custom_margin=&#8221;||10px||false|false&#8221; header_3_font_size_tablet=&#8221;&#8221; header_3_font_size_phone=&#8221;14px&#8221; header_3_font_size_last_edited=&#8221;on|desktop&#8221; locked=&#8221;off&#8221; global_colors_info=&#8221;{}&#8221;]<\/p>\n<h3>Recollida dorsals<\/h3>\n<p>Teatre Pare Casals (Pla\u00e7a de l&#8217;Esgl\u00e9sia, sortida cursa) dissabte de 18 a 20h i diumenge de 07;00 a 07:45h<\/p>\n<p>[\/et_pb_text][\/et_pb_column][et_pb_column type=&#8221;1_2&#8243; _builder_version=&#8221;4.16&#8243; global_colors_info=&#8221;{}&#8221;][et_pb_text _builder_version=&#8221;4.27.3&#8243; text_text_color=&#8221;rgba(255,207,154,0.7)&#8221; text_font_size=&#8221;16px&#8221; text_line_height=&#8221;1.8em&#8221; header_3_font=&#8221;Montserrat|700|||||||&#8221; header_3_text_color=&#8221;#ffcf9a&#8221; header_3_font_size=&#8221;24px&#8221; header_3_line_height=&#8221;1.5em&#8221; text_orientation=&#8221;center&#8221; background_layout=&#8221;dark&#8221; max_width=&#8221;640px&#8221; module_alignment=&#8221;center&#8221; custom_margin=&#8221;||10px||false|false&#8221; header_3_font_size_tablet=&#8221;&#8221; header_3_font_size_phone=&#8221;14px&#8221; header_3_font_size_last_edited=&#8221;on|desktop&#8221; locked=&#8221;off&#8221; global_colors_info=&#8221;{}&#8221;]<\/p>\n<h3>Dist\u00e0ncia<\/h3>\n<p>15 quil\u00f2metres aprox<\/p>\n<p>[\/et_pb_text][et_pb_text _builder_version=&#8221;4.27.5&#8243; text_text_color=&#8221;rgba(255,207,154,0.7)&#8221; text_font_size=&#8221;16px&#8221; text_line_height=&#8221;1.8em&#8221; header_3_font=&#8221;Montserrat|700|||||||&#8221; header_3_text_color=&#8221;#ffcf9a&#8221; header_3_font_size=&#8221;24px&#8221; header_3_line_height=&#8221;1.5em&#8221; text_orientation=&#8221;center&#8221; background_layout=&#8221;dark&#8221; max_width=&#8221;640px&#8221; module_alignment=&#8221;center&#8221; custom_margin=&#8221;||10px||false|false&#8221; header_3_font_size_tablet=&#8221;&#8221; header_3_font_size_phone=&#8221;14px&#8221; header_3_font_size_last_edited=&#8221;on|desktop&#8221; locked=&#8221;off&#8221; global_colors_info=&#8221;{}&#8221;]<\/p>\n<h3>Desnivells<\/h3>\n<p>Desnivell positiu 362m<\/p>\n<p>Desnivell negatiu 362m<\/p>\n<p>Desnivell acumulat 724m<\/p>\n<p>[\/et_pb_text][et_pb_text _builder_version=&#8221;4.18.0&#8243; text_text_color=&#8221;rgba(255,207,154,0.7)&#8221; text_font_size=&#8221;16px&#8221; text_line_height=&#8221;1.8em&#8221; header_3_font=&#8221;Montserrat|700|||||||&#8221; header_3_text_color=&#8221;#ffcf9a&#8221; header_3_font_size=&#8221;24px&#8221; header_3_line_height=&#8221;1.5em&#8221; text_orientation=&#8221;center&#8221; background_layout=&#8221;dark&#8221; max_width=&#8221;640px&#8221; module_alignment=&#8221;center&#8221; custom_margin=&#8221;||10px||false|false&#8221; header_3_font_size_tablet=&#8221;&#8221; header_3_font_size_phone=&#8221;14px&#8221; header_3_font_size_last_edited=&#8221;on|desktop&#8221; locked=&#8221;off&#8221; global_colors_info=&#8221;{}&#8221;]<\/p>\n<h3>Serveis<\/h3>\n<p>Dutxes, guardarroba, avituallaments, serveis m\u00e8dics, fotografia, cronometratge&#8230;<\/p>\n<h6><\/h6>\n<h6><\/h6>\n<p>[\/et_pb_text][\/et_pb_column][\/et_pb_row][\/et_pb_section][et_pb_section fb_built=&#8221;1&#8243; custom_padding_last_edited=&#8221;on|desktop&#8221; admin_label=&#8221;CTA&#8221; _builder_version=&#8221;4.18.0&#8243; background_color=&#8221;#160b00&#8243; use_background_color_gradient=&#8221;on&#8221; background_color_gradient_stops=&#8221;rgba(22,11,0,0.4) 0%|#160b00 100%&#8221; background_color_gradient_overlays_image=&#8221;on&#8221; background_color_gradient_start=&#8221;rgba(22,11,0,0.4)&#8221; background_color_gradient_end=&#8221;#160b00&#8243; background_enable_image=&#8221;off&#8221; background_size=&#8221;contain&#8221; min_height=&#8221;747px&#8221; custom_margin=&#8221;||-8px|||&#8221; custom_padding=&#8221;0vw|80px|0vw||true|false&#8221; custom_padding_tablet=&#8221;|0px|||false|false&#8221; custom_padding_phone=&#8221;|40px|||false|false&#8221; box_shadow_style=&#8221;preset6&#8243; box_shadow_vertical=&#8221;-412px&#8221; box_shadow_blur=&#8221;500px&#8221; box_shadow_spread=&#8221;-270px&#8221; box_shadow_color=&#8221;#160b00&#8243; saved_tabs=&#8221;all&#8221; locked=&#8221;off&#8221; global_colors_info=&#8221;{}&#8221;][et_pb_row _builder_version=&#8221;4.18.0&#8243; _module_preset=&#8221;default&#8221; transform_translate=&#8221;19px|2px&#8221; custom_margin=&#8221;-2px|auto||auto||&#8221; border_width_all=&#8221;3px&#8221; border_color_all=&#8221;#ffcf9a&#8221; global_colors_info=&#8221;{}&#8221;][et_pb_column type=&#8221;4_4&#8243; _builder_version=&#8221;4.18.0&#8243; _module_preset=&#8221;default&#8221; global_colors_info=&#8221;{}&#8221;][et_pb_image src=&#8221;https:\/\/trailse.com\/wp-content\/uploads\/2026\/02\/images.png&#8221; title_text=&#8221;images&#8221; align=&#8221;center&#8221; _builder_version=&#8221;4.27.5&#8243; _module_preset=&#8221;default&#8221; global_colors_info=&#8221;{}&#8221;][\/et_pb_image][\/et_pb_column][\/et_pb_row][et_pb_row column_structure=&#8221;1_4,3_4&#8243; _builder_version=&#8221;4.18.0&#8243; _module_preset=&#8221;default&#8221; custom_padding=&#8221;||4px|||&#8221; global_colors_info=&#8221;{}&#8221;][et_pb_column type=&#8221;1_4&#8243; _builder_version=&#8221;4.18.0&#8243; _module_preset=&#8221;default&#8221; global_colors_info=&#8221;{}&#8221;][et_pb_button button_url=&#8221;https:\/\/es.wikiloc.com\/rutas-carrera-por-montana\/tse26-250681305&#8243; url_new_window=&#8221;on&#8221; button_text=&#8221;Track&#8221; button_alignment=&#8221;center&#8221; _builder_version=&#8221;4.27.5&#8243; _module_preset=&#8221;default&#8221; custom_button=&#8221;on&#8221; button_text_color=&#8221;#ffcf9a&#8221; global_colors_info=&#8221;{}&#8221;][\/et_pb_button][\/et_pb_column][et_pb_column type=&#8221;3_4&#8243; _builder_version=&#8221;4.18.0&#8243; _module_preset=&#8221;default&#8221; global_colors_info=&#8221;{}&#8221;][et_pb_text _builder_version=&#8221;4.18.0&#8243; text_font=&#8221;Montserrat|700|||||||&#8221; text_text_color=&#8221;#ffcf9a&#8221; text_font_size=&#8221;24px&#8221; text_line_height=&#8221;1.5em&#8221; link_font=&#8221;||||on|||rgba(255,207,154,0.35)|&#8221; link_text_color=&#8221;#ffcf9a&#8221; header_3_font=&#8221;|700||on|||||&#8221; header_3_text_color=&#8221;rgba(255,207,154,0.4)&#8221; header_3_font_size=&#8221;14px&#8221; header_3_letter_spacing=&#8221;2px&#8221; header_3_line_height=&#8221;1.2em&#8221; text_orientation=&#8221;center&#8221; background_layout=&#8221;dark&#8221; max_width=&#8221;550px&#8221; module_alignment=&#8221;center&#8221; custom_margin_tablet=&#8221;||40px||false|false&#8221; custom_margin_phone=&#8221;||30px||false|false&#8221; custom_margin_last_edited=&#8221;off|phone&#8221; custom_padding=&#8221;||18px||false|false&#8221; text_font_size_tablet=&#8221;24px&#8221; text_font_size_phone=&#8221;14px&#8221; text_font_size_last_edited=&#8221;on|phone&#8221; border_width_bottom=&#8221;1px&#8221; text_text_align=&#8221;center&#8221; locked=&#8221;off&#8221; global_colors_info=&#8221;{}&#8221;]<\/p>\n<h3>Els avituallaments del TSE no disposen de gots<\/h3>\n<p>[\/et_pb_text][\/et_pb_column][\/et_pb_row][et_pb_row _builder_version=&#8221;4.18.0&#8243; _module_preset=&#8221;default&#8221; global_colors_info=&#8221;{}&#8221;][et_pb_column type=&#8221;4_4&#8243; _builder_version=&#8221;4.18.0&#8243; _module_preset=&#8221;default&#8221; global_colors_info=&#8221;{}&#8221;][et_pb_text _builder_version=&#8221;4.23.1&#8243; text_font=&#8221;Montserrat|700|||||||&#8221; text_text_color=&#8221;#ffcf9a&#8221; text_font_size=&#8221;24px&#8221; text_line_height=&#8221;1.5em&#8221; header_3_font=&#8221;|700||on|||||&#8221; header_3_text_color=&#8221;rgba(255,207,154,0.4)&#8221; header_3_font_size=&#8221;14px&#8221; header_3_letter_spacing=&#8221;2px&#8221; header_3_line_height=&#8221;1.2em&#8221; text_orientation=&#8221;center&#8221; background_layout=&#8221;dark&#8221; max_width=&#8221;550px&#8221; module_alignment=&#8221;center&#8221; custom_margin_tablet=&#8221;||40px||false|false&#8221; custom_margin_phone=&#8221;||30px||false|false&#8221; custom_margin_last_edited=&#8221;off|phone&#8221; custom_padding=&#8221;||18px||false|false&#8221; text_font_size_tablet=&#8221;24px&#8221; text_font_size_phone=&#8221;14px&#8221; text_font_size_last_edited=&#8221;on|phone&#8221; border_width_bottom=&#8221;1px&#8221; text_text_align=&#8221;center&#8221; locked=&#8221;off&#8221; global_colors_info=&#8221;{}&#8221;]<\/p>\n<p><span>Km 6&#8217;5 &#8211; Castell de Fluvi\u00e0( l\u00edquid)<\/span><\/p>\n<p><span>Km 10&#8217;5 &#8211; Santa Magdalena ( Complet)<\/span><\/p>\n<p><span>Km 15 &#8211; Arribada, Pla\u00e7a Joan Serra, entrepa.<\/span><\/p>\n<p>[\/et_pb_text][\/et_pb_column][\/et_pb_row][\/et_pb_section][et_pb_section fb_built=&#8221;1&#8243; admin_label=&#8221;Menu&#8221; _builder_version=&#8221;4.16&#8243; background_color=&#8221;#160b00&#8243; custom_padding=&#8221;||0px|||&#8221; locked=&#8221;off&#8221; global_colors_info=&#8221;{}&#8221;][et_pb_row _builder_version=&#8221;4.16&#8243; global_colors_info=&#8221;{}&#8221;][et_pb_column type=&#8221;4_4&#8243; _builder_version=&#8221;4.16&#8243; global_colors_info=&#8221;{}&#8221;][et_pb_text _builder_version=&#8221;4.18.0&#8243; header_2_font=&#8221;Playfair Display||||||||&#8221; header_2_text_color=&#8221;#ffebd6&#8243; header_2_font_size=&#8221;60px&#8221; header_2_line_height=&#8221;1.2em&#8221; header_3_font=&#8221;|700||on|||||&#8221; header_3_text_color=&#8221;#ffcf9a&#8221; header_3_font_size=&#8221;14px&#8221; header_3_letter_spacing=&#8221;2px&#8221; header_3_line_height=&#8221;1.2em&#8221; header_2_font_size_tablet=&#8221;40px&#8221; header_2_font_size_phone=&#8221;30px&#8221; header_2_font_size_last_edited=&#8221;on|phone&#8221; locked=&#8221;off&#8221; global_colors_info=&#8221;{}&#8221;]<\/p>\n<h3><span style=\"color: #ffcf9a; font-family: 'Playfair Display', Georgia, 'Times New Roman', serif; font-size: 60px; font-weight: 500;\">Les icones del TSE<\/span><\/h3>\n<p>[\/et_pb_text][\/et_pb_column][\/et_pb_row][et_pb_row column_structure=&#8221;1_2,1_2&#8243; _builder_version=&#8221;4.16&#8243; min_height=&#8221;617.9px&#8221; locked=&#8221;off&#8221; global_colors_info=&#8221;{}&#8221;][et_pb_column type=&#8221;1_2&#8243; _builder_version=&#8221;4.16&#8243; global_colors_info=&#8221;{}&#8221;][et_pb_image src=&#8221;https:\/\/trailse.com\/wp-content\/uploads\/2026\/02\/T341-caminant1.jpg&#8221; alt=&#8221;trail sant esteve montseny running cxm fedme trailrunning&#8221; title_text=&#8221;T341-caminant1&#8243; _builder_version=&#8221;4.27.5&#8243; background_color=&#8221;#160b00&#8243; use_background_color_gradient=&#8221;on&#8221; background_color_gradient_stops=&#8221;rgba(255,255,255,0) 0%|#6b6b6b 100%&#8221; border_width_all=&#8221;3px&#8221; border_color_all=&#8221;#ffcf9a&#8221; global_colors_info=&#8221;{}&#8221;][\/et_pb_image][et_pb_text _builder_version=&#8221;4.27.5&#8243; text_text_color=&#8221;rgba(255,207,154,0.7)&#8221; text_font_size=&#8221;16px&#8221; text_line_height=&#8221;1.8em&#8221; header_3_font=&#8221;|700||on|||||&#8221; header_3_text_color=&#8221;#ffcf9a&#8221; header_3_font_size=&#8221;14px&#8221; header_3_letter_spacing=&#8221;2px&#8221; header_3_line_height=&#8221;1.2em&#8221; background_layout=&#8221;dark&#8221; max_width=&#8221;550px&#8221; locked=&#8221;off&#8221; global_colors_info=&#8221;{}&#8221;]<\/p>\n<h3>Santa Magnadela<\/h3>\n<p><span>El\u00a0<\/span><b>Monestir de Santa Magdalena de Mosqueroles<\/b><span>,\u00a0<\/span><b>Ermita de Santa Magdalena<\/b><span>\u00a0o de\u00a0<\/span><b>Sant Mar\u00e7al de Baix<\/b><span>\u00a0\u00e9s una esgl\u00e9sia\u00a0<\/span><a href=\"https:\/\/ca.wikipedia.org\/wiki\/Art_rom%C3%A0nic\" title=\"Art rom\u00e0nic\">rom\u00e0nica<\/a><span>\u00a0amb tres\u00a0<\/span><a href=\"https:\/\/ca.wikipedia.org\/wiki\/Nau_(arquitectura)\" title=\"Nau (arquitectura)\">naus<\/a><span>\u00a0i tres\u00a0<\/span><a href=\"https:\/\/ca.wikipedia.org\/wiki\/Absis\" title=\"Absis\">absis<\/a><span>\u00a0situada al municipi de\u00a0<\/span><a href=\"https:\/\/ca.wikipedia.org\/wiki\/Fogars_de_Montcl%C3%BAs\" title=\"Fogars de Montcl\u00fas\">Fogars de Montcl\u00fas<\/a><span>\u00a0(Vall\u00e8s Oriental) -al nucli de Mosqueroles- i dins del\u00a0<\/span><a href=\"https:\/\/ca.wikipedia.org\/wiki\/Parc_Natural_del_Montseny\" title=\"Parc Natural del Montseny\">Parc Natural del Montseny<\/a><span>. Fou erigida al pas del segle\u00a0<\/span><span title=\"Nombre\u00a0escrit en xifres romanes\">xi<\/span><span>\u00a0al XII pels monjos de Sant Mar\u00e7al. \u00c9s una obra inclosa a l&#8217;<\/span><a href=\"https:\/\/ca.wikipedia.org\/wiki\/Inventari_del_Patrimoni_Arquitect%C3%B2nic_de_Catalunya\" class=\"mw-redirect\" title=\"Inventari del Patrimoni Arquitect\u00f2nic de Catalunya\">Inventari del Patrimoni Arquitect\u00f2nic de Catalunya<\/a><span>.<\/span><\/p>\n<p>[\/et_pb_text][\/et_pb_column][et_pb_column type=&#8221;1_2&#8243; _builder_version=&#8221;4.16&#8243; global_colors_info=&#8221;{}&#8221;][et_pb_image src=&#8221;https:\/\/trailse.com\/wp-content\/uploads\/2022\/09\/Trail-Sant-Esteve-running-cxm.jpg&#8221; alt=&#8221;Trail Sant Esteve Montseny&#8221; title_text=&#8221;Trail Sant Esteve running cxm&#8221; _builder_version=&#8221;4.27.5&#8243; background_color=&#8221;#160b00&#8243; border_width_all=&#8221;3px&#8221; border_color_all=&#8221;#ffcf9a&#8221; locked=&#8221;off&#8221; global_colors_info=&#8221;{}&#8221;][\/et_pb_image][et_pb_text _builder_version=&#8221;4.18.1&#8243; text_text_color=&#8221;rgba(255,207,154,0.7)&#8221; text_font_size=&#8221;16px&#8221; text_line_height=&#8221;1.8em&#8221; header_3_font=&#8221;|700||on|||||&#8221; header_3_text_color=&#8221;#ffcf9a&#8221; header_3_font_size=&#8221;14px&#8221; header_3_letter_spacing=&#8221;2px&#8221; header_3_line_height=&#8221;1.2em&#8221; background_layout=&#8221;dark&#8221; max_width=&#8221;550px&#8221; locked=&#8221;off&#8221; global_colors_info=&#8221;{}&#8221;]<\/p>\n<h3>La Tordera<\/h3>\n<p>Neix al Montseny, a la &#8220;Font Bona&#8221; entre les Agudes i el Matagalls a 1.056m sobre le nivell de mar, en el Coll de Sant Mar\u00e7al, i desemboca al Mediterrani, formant el delta de la Tordera, entre Blanes i Malgrat de Mar.<\/p>\n<p>La Tordera t\u00e9 un recorregut de 61,5 km i \u00e9s de r\u00e8gim torrencial.<\/p>\n<p>[\/et_pb_text][\/et_pb_column][\/et_pb_row][et_pb_row column_structure=&#8221;1_2,1_2&#8243; _builder_version=&#8221;4.16&#8243; min_height=&#8221;617.9px&#8221; locked=&#8221;off&#8221; global_colors_info=&#8221;{}&#8221;][et_pb_column type=&#8221;1_2&#8243; _builder_version=&#8221;4.16&#8243; global_colors_info=&#8221;{}&#8221;][et_pb_image src=&#8221;https:\/\/trailse.com\/wp-content\/uploads\/2026\/02\/fluvic3a0.jpg&#8221; alt=&#8221;trail sant esteve montseny running cxm fedme trailrunning&#8221; title_text=&#8221;fluvic3a0&#8243; align=&#8221;center&#8221; _builder_version=&#8221;4.27.5&#8243; background_color=&#8221;#000000&#8243; background_enable_image=&#8221;off&#8221; min_height=&#8221;198.5px&#8221; border_width_all=&#8221;3px&#8221; border_color_all=&#8221;#ffcf9a&#8221; global_colors_info=&#8221;{}&#8221;][\/et_pb_image][et_pb_text _builder_version=&#8221;4.27.5&#8243; text_text_color=&#8221;rgba(255,207,154,0.7)&#8221; text_font_size=&#8221;16px&#8221; text_line_height=&#8221;1.8em&#8221; header_3_font=&#8221;|700||on|||||&#8221; header_3_text_color=&#8221;#ffcf9a&#8221; header_3_font_size=&#8221;14px&#8221; header_3_letter_spacing=&#8221;2px&#8221; header_3_line_height=&#8221;1.2em&#8221; background_layout=&#8221;dark&#8221; max_width=&#8221;550px&#8221; locked=&#8221;off&#8221; global_colors_info=&#8221;{}&#8221;]<\/p>\n<h3>Castell de Fluvi\u00e0<\/h3>\n<p><span>El castell de Fluvi\u00e0 era una\u00a0<a href=\"https:\/\/ca.wikipedia.org\/wiki\/Domus\" class=\"mw-redirect\" title=\"Domus\">domus<\/a>\u00a0o casa forta a coneguda com a \u00abCasa de Palau\u00bb, de Sant Cebri\u00e0 o de Sant Corneli. Est\u00e0 documentada l&#8217;any 1154, quan era habitada per la fam\u00edlia Palau. Pertanyia a la jurisdicci\u00f3 del\u00a0<a href=\"https:\/\/ca.wikipedia.org\/wiki\/Castell_de_Montcl%C3%BAs\" title=\"Castell de Montcl\u00fas\">castell de Montcl\u00fas<\/a>; d&#8217;ella en depenia la quadra de Campins. Aquest fet provoc\u00e0 diverses disc\u00f2rdies entre el vescomte\u00a0<a href=\"https:\/\/ca.wikipedia.org\/wiki\/Bernat_III_de_Cabrera\" title=\"\">Bernat III de Cabrera<\/a>, senyor de Montcl\u00fas, i Pere de Palau, les quals finiren en un document de conc\u00f2rdia realitzat l&#8217;any 1345.<\/span><\/p>\n<p>[\/et_pb_text][\/et_pb_column][et_pb_column type=&#8221;1_2&#8243; _builder_version=&#8221;4.16&#8243; global_colors_info=&#8221;{}&#8221;][et_pb_image src=&#8221;https:\/\/trailse.com\/wp-content\/uploads\/2026\/02\/article-trail-sant-esteve-cronica-renault-trail-series-574eb48d42929.jpeg&#8221; alt=&#8221;Trail Sant Esteve Montseny&#8221; title_text=&#8221;article-trail-sant-esteve-cronica-renault-trail-series-574eb48d42929&#8243; _builder_version=&#8221;4.27.5&#8243; background_color=&#8221;#160b00&#8243; border_width_all=&#8221;3px&#8221; border_color_all=&#8221;#ffcf9a&#8221; locked=&#8221;off&#8221; global_colors_info=&#8221;{}&#8221;][\/et_pb_image][et_pb_text _builder_version=&#8221;4.18.1&#8243; text_text_color=&#8221;rgba(255,207,154,0.7)&#8221; text_font_size=&#8221;16px&#8221; text_line_height=&#8221;1.8em&#8221; header_3_font=&#8221;|700||on|||||&#8221; header_3_text_color=&#8221;#ffcf9a&#8221; header_3_font_size=&#8221;14px&#8221; header_3_letter_spacing=&#8221;2px&#8221; header_3_line_height=&#8221;1.2em&#8221; background_layout=&#8221;dark&#8221; max_width=&#8221;550px&#8221; locked=&#8221;off&#8221; global_colors_info=&#8221;{}&#8221;]<\/p>\n<h3>CASTELL DE MONTCL\u00daS<\/h3>\n<p><span>La construcci\u00f3 del castell data dels segles XI o XII, tot i que es feu sobre un bastiment anterior. Vers el segle <\/span><span title=\"Nombre\u00a0escrit en xifres romanes\">xiv<\/span><span>\u00a0es transform\u00e0 el castell en palau. El 1508 es restaur\u00e0 la capella dedicada a Santa Margarida. El 1739 el vicari general conced\u00ed la llic\u00e8ncia per a poder transportar la capella del castell, gaireb\u00e9 en runes, fins al camp anomenat de la Parellada.<\/span><sup id=\"cite_ref-patmapa_1-1\" class=\"reference\"><\/sup><\/p>\n<p>[\/et_pb_text][\/et_pb_column][\/et_pb_row][\/et_pb_section]<\/p>\n","protected":false},"excerpt":{"rendered":"<p>26-07-2025 Trail Sant Esteve 15kTrail Sant Esteve 15k.TSE XVII anys obrint tra\u00e7ada, la degana, la primera de les curses per muntanya a les nostres contrades. Amb sortida i arribada a Sant Esteve de Palautordera, et portar\u00e0 per corriols i camins de bosc, tot passant pel panta dels Regants, Castell de Fluvi\u00e0, La Tordera, el Castell [&hellip;]<\/p>\n","protected":false},"author":4,"featured_media":0,"parent":0,"menu_order":0,"comment_status":"closed","ping_status":"closed","template":"","meta":{"_et_pb_use_builder":"on","_et_pb_old_content":"","_et_gb_content_width":"","footnotes":""},"class_list":["post-2175","page","type-page","status-publish","hentry"],"_links":{"self":[{"href":"https:\/\/trailse.com\/es\/wp-json\/wp\/v2\/pages\/2175","targetHints":{"allow":["GET"]}}],"collection":[{"href":"https:\/\/trailse.com\/es\/wp-json\/wp\/v2\/pages"}],"about":[{"href":"https:\/\/trailse.com\/es\/wp-json\/wp\/v2\/types\/page"}],"author":[{"embeddable":true,"href":"https:\/\/trailse.com\/es\/wp-json\/wp\/v2\/users\/4"}],"replies":[{"embeddable":true,"href":"https:\/\/trailse.com\/es\/wp-json\/wp\/v2\/comments?post=2175"}],"version-history":[{"count":72,"href":"https:\/\/trailse.com\/es\/wp-json\/wp\/v2\/pages\/2175\/revisions"}],"predecessor-version":[{"id":2732,"href":"https:\/\/trailse.com\/es\/wp-json\/wp\/v2\/pages\/2175\/revisions\/2732"}],"wp:attachment":[{"href":"https:\/\/trailse.com\/es\/wp-json\/wp\/v2\/media?parent=2175"}],"curies":[{"name":"wp","href":"https:\/\/api.w.org\/{rel}","templated":true}]}}