{"id":3,"date":"2018-12-10T19:26:23","date_gmt":"2018-12-10T19:26:23","guid":{"rendered":"https:\/\/trail.bpec.es\/?page_id=3"},"modified":"2020-08-24T17:32:31","modified_gmt":"2020-08-24T17:32:31","slug":"politica-privacitat","status":"publish","type":"page","link":"https:\/\/trailse.com\/es\/politica-privacitat\/","title":{"rendered":"Pol\u00edtica de privacitat"},"content":{"rendered":"<p>[et_pb_section fb_built=&#8221;1&#8243; _builder_version=&#8221;3.22&#8243;][et_pb_row _builder_version=&#8221;3.25&#8243; background_size=&#8221;initial&#8221; background_position=&#8221;top_left&#8221; background_repeat=&#8221;repeat&#8221;][et_pb_column type=&#8221;4_4&#8243; _builder_version=&#8221;3.25&#8243; custom_padding=&#8221;|||&#8221; custom_padding__hover=&#8221;|||&#8221;][et_pb_text _builder_version=&#8221;3.27.4&#8243; text_font=&#8221;Droid Serif||||||||&#8221; header_font=&#8221;Droid Serif||||||||&#8221; header_2_font=&#8221;Droid Serif||||||||&#8221; header_3_font=&#8221;Droid Serif||||||||&#8221; header_4_font=&#8221;Droid Serif||||||||&#8221; header_5_font=&#8221;Droid Serif||||||||&#8221; header_6_font=&#8221;Droid Serif||||||||&#8221; background_size=&#8221;initial&#8221; background_position=&#8221;top_left&#8221; background_repeat=&#8221;repeat&#8221;]<\/p>\n<h1 class=\"entry-title main_title\">Pol\u00edtica de privacitat<\/h1>\n<div class=\"entry-content\">\n<p>A TRAIL SANT ESTEVE DE PALAUTORDERA treballem per garantir en el tractament de les seves dades personals. Hem actualitzat la nostra Pol\u00edtica de Privacitat per informar clarament de com recopilem, utilitzem i custodiem les dades de les persones que contacten amb la nostra Organitzaci\u00f3:<\/p>\n<p>&nbsp;<\/p>\n<h2>Informaci\u00f3 B\u00e0sica<\/h2>\n<p>RESPONSABLE TRAIL SANT ESTEVE DE PALAUTORDERA<br \/> FINALITAT:<\/p>\n<ol>\n<li>Prestar la informaci\u00f3 o serveis que ens sol\u00b7liciti.<\/li>\n<li>Poder enviar les nostres newsletters i realitzar comunicacions informatives i publicit\u00e0ries dels nostres productes i serveis, fins i tot per mitjans electr\u00f2nics.<\/li>\n<\/ol>\n<p><strong>LEGITIMACI\u00d3:\u00a0<\/strong>Consentiment de l&#8217;interessat, relaci\u00f3 contractual<\/p>\n<p><strong>DESTINATARIS:<\/strong> Administracions i organismes p\u00fablics per al compliment d&#8217;obligacions directament exigibles TRAIL SANT ESTEVE DE PALAUTORDERA<br \/><strong><\/strong><\/p>\n<p><strong>DRETS:<\/strong> Accedir, rectificar i suprimir les dades, aix\u00ed com altres drets, com s&#8217;explica a la seg\u00fcent pol\u00edtica de privacitat.<\/p>\n<p>&nbsp;<\/p>\n<h2>Responsable del tractament<\/h2>\n<p>TRAIL SANT ESTEVE DE PALAUTORDERA, entitat amb domicili a aquests efectes en C \/ Picasso, 26 &#8211; Santa Maria de Palautordera.<\/p>\n<p>&nbsp;<\/p>\n<h2>Finalitats del Tractament<\/h2>\n<p>En TRAIL SANT ESTEVE DE PALAUTORDERA el tractament de dades es realitza amb les seg\u00fcents finalitats, en funci\u00f3 del motiu pel qual ens els hagi facilitat:<\/p>\n<p>C<span style=\"font-size: 14px;\">ontactar amb el remitent de la informaci\u00f3, donar resposta a la seva sol\u00b7licitud, petici\u00f3 o consulta i gestionar la publicaci\u00f3 de consultes i comentaris i fer un seguiment posterior.<\/span><\/p>\n<ul>\n<li>Gestionar i controlar la cartera de clients.<\/li>\n<li>Gestionar, si escau, el proc\u00e9s de registre de l&#8217;usuari en la Plataforma Online.<\/li>\n<li>Realitzar, si \u00e9s el cas, el perfil d&#8217;usuari per oferir-li continguts, productes i serveis d&#8217;una manera personalitzada.<\/li>\n<\/ul>\n<p>Valorar i gestionar, si escau, la seva Curriculum Vitae per a processos de selecci\u00f3 que s&#8217;adaptin al seu perfil professional i dur a terme les actuacions necess\u00e0ries per a la selecci\u00f3 i contractaci\u00f3 de personal.<\/p>\n<p>En aquells casos en qu\u00e8 l&#8217;Usuari expressament ho consenti, remetre comunicacions publicit\u00e0ries i informaci\u00f3 comercial sobre TRAIL SANT ESTEVE DE PALAUTORDERA o entitats amb les que tingui establertes col\u00b7laboracions a trav\u00e9s de convenis, sobre les seves activitats, productes, serveis, ofertes, concursos, promocions especials, aix\u00ed com documentaci\u00f3 de diversa naturalesa que pugui resultar d&#8217;inter\u00e8s o utilitat a l&#8217;Usuari i \/ o Client.<\/p>\n<p>&nbsp;<\/p>\n<h2>Durada del tractament de dades<\/h2>\n<p><span style=\"font-size: 14px;\">Les dades personals proporcionades es conservaran mentre es mantingui la relaci\u00f3 contractual, no se sol\u00b7liciti la seva supressi\u00f3 per l&#8217;interessat i no s&#8217;hagin d&#8217;eliminar per ser necessaris per al compliment d&#8217;una obligaci\u00f3 legal o per a la formulaci\u00f3, exercici i defensa de reclamacions.<\/span><\/p>\n<p>En cas que l&#8217;usuari retiri el seu consentiment al tractament de les seves dades o exerceix els drets de cancel\u00b7laci\u00f3 o supressi\u00f3, les seves dades personals es conservaran bloquejats a disposici\u00f3 de l&#8217;Administraci\u00f3 de Just\u00edcia durant els terminis establerts legalment per atendre les possibles responsabilitats nascudes del tractament dels mateixos.<\/p>\n<p>&nbsp;<\/p>\n<h2>Legitimaci\u00f3 per al tractament de dades<\/h2>\n<p>La base legal per al tractament de les seves dades de les finalitats 1 a 4 \u00e9s l&#8217;execuci\u00f3 de la prestaci\u00f3 del servei corresponent.<br \/> L&#8217;oferta prospectiva de productes i serveis a clients, t\u00e9 com a base la satisfacci\u00f3 de l&#8217;inter\u00e8s leg\u00edtim empresarial consistent en poder oferir als nostres clients la contractaci\u00f3 d&#8217;altres productes o serveis i aconseguir aix\u00ed la seva fidelitzaci\u00f3. Aquest inter\u00e8s leg\u00edtim es reconeix per la normativa legal aplicable (Reglament General de Protecci\u00f3 de Dades), que permet expressament el tractament de dades personals sobre aquesta base legal amb fins de m\u00e0rqueting directa.<br \/> No obstant aix\u00f2, li recordem que t\u00e9 dret a oposar-se a aquest tractament de les seves dades, i pot fer-ho per qualsevol dels mitjans descrits en aquesta Pol\u00edtica.<br \/> La base de l&#8217;enviament de comunicacions comercials a usuaris no clients \u00e9s el consentiment que s&#8217;ha sol\u00b7licitat, i pot ser revocat en qualsevol moment. La retirada d&#8217;aquest consentiment no afectar\u00e0 en cap cas a l&#8217;execuci\u00f3 del contracte, per\u00f2 els tractaments de dades amb aquesta finalitat efectuats amb anterioritat no perdran la seva licitud pel fet que el consentiment s&#8217;hagi revocat.<br \/> La base per al tractament dels Curr\u00edculums Vitae \u00e9s el consentiment que ens atorga el candidat al realitzar l&#8217;enviament del mateix per a participar en processos de selecci\u00f3.<\/p>\n<p>&nbsp;<\/p>\n<h2>Comunicaci\u00f3 de les seves dades<\/h2>\n<p>Les dades de l&#8217;Usuari, amb car\u00e0cter general, no seran comunicades a tercers. Sense perjudici d&#8217;aix\u00f2, aquestes dades podran comunicar-se:<\/p>\n<ul>\n<li>Les administracions p\u00fabliques competents, en els casos que preveu la Llei i per als fins en ella definits.<\/li>\n<li>Societats amb qu\u00e8 TRAIL SANT ESTEVE DE PALAUTORDERA mantingui convenis de col\u00b7laboraci\u00f3 per al correcte compliment del contracte de prestaci\u00f3 de serveis.<\/li>\n<li>Els prove\u00efdors de serveis inform\u00e0tics, fins i tot serveis de computaci\u00f3 en el n\u00favol.<\/li>\n<li>Per a l&#8217;enviament de newsletters o butlletins de noticies \u00e9s possible que utilitzem l&#8217;eina Mailchimp que pertany a la companyia nord-americana The Rocket Group, LLC. No es tracta d&#8217;una cessi\u00f3 de dades sin\u00f3 que les dades nom\u00e9s es faran servir per aquesta plataforma \u00fanica i exclusivament per a remetre els butlletins. A m\u00e9s, aquesta companyia es troba adherida al protocol Privacy Shield que permet les transfer\u00e8ncies internacionals de dades entre la UE i EUA.<\/li>\n<\/ul>\n<p>&nbsp;<\/p>\n<h2>Els seus Drets<\/h2>\n<p> Tota persona qu<span style=\"font-size: 14px;\">e ens faciliti les seves dades t\u00e9 els seg\u00fcents drets:<\/span><\/p>\n<ul>\n<li>Qualsevol persona t\u00e9 dret a obtenir confirmaci\u00f3 sobre si estem tractant dades personals que li concerneixen o no. Les persones interessades tenen dret a accedir a les seves dades personals, aix\u00ed com a sol\u00b7licitar la rectificaci\u00f3 de les dades inexactes o, si escau, sol\u00b7licitar la seva supressi\u00f3 quan, entre d&#8217;altres motius, les dades ja no siguin necessaris per als fins per als quals van ser recollits.<\/li>\n<li>En les condicions previstes en el Reglament General de Protecci\u00f3 de Dades, els interessats podran sol\u00b7licitar la limitaci\u00f3 del tractament de les seves dades o el seu portabilitat, en el cas \u00fanicament els conservarem per a l&#8217;exercici o la defensa de reclamacions.<\/li>\n<li>En determinades circumst\u00e0ncies i per motius relacionats amb la seva situaci\u00f3 particular, els interessats podran oposar-se al tractament de les seves dades. Si vost\u00e8 ha atorgat el consentiment per a alguna finalitat espec\u00edfica, t\u00e9 dret a retirar-lo en qualsevol moment, sense que aix\u00f2 afecti la licitud del tractament basat en el consentiment previ a la seva retirada. En aquests sup\u00f2sits deixarem de tractar les dades o, si s&#8217;escau, deixarem de fer-ho per a aquesta finalitat en concret, excepte per motius leg\u00edtims imperiosos, o l&#8217;exercici o la defensa de possibles reclamacions.<\/li>\n<li>Tots els drets esmentats poden exercir-se a trav\u00e9s dels mitjans de contacte que figuren a l&#8217;apartat &#8220;Responsable del tractament&#8221; d&#8217;aquesta pol\u00edtica de privacitat.<\/li>\n<li>Davant de qualsevol vulneraci\u00f3 dels seus drets, especialment quan vost\u00e8 no hagi obtingut satisfacci\u00f3 en el seu exercici, pot presentar una reclamaci\u00f3 davant l&#8217;Ag\u00e8ncia Espanyola de Protecci\u00f3 de Dades (dades de contacte accessibles a www.agpd.es) o una altra autoritat de control competent. Tamb\u00e9 pot obtenir m\u00e9s informaci\u00f3 sobre els drets que l&#8217;assisteixen dirigint-se a aquests organismes.<\/li>\n<li>En qualsevol cas, per exercir els esmentats drets tenim habilitada la seg\u00fcent adre\u00e7a de correu electr\u00f2nic: trailse@gmail.com<\/li>\n<\/ul>\n<p>&nbsp;<\/p>\n<h2>Dades de tercers<\/h2>\n<p> Si vost\u00e8 facilita dades de tercers, assumeix la responsabilitat d&#8217;informar-los pr\u00e8viament de tot el que preveu l&#8217;article 14 del Reglament General de Protecci\u00f3 de Dades en les condicions establertes en l&#8217;esmentat precepte.<\/p>\n<p>&nbsp;<\/p>\n<h2>Modificaci\u00f3 de la pol\u00edtica de privacitat<\/h2>\n<p> TRAIL SANT ESTEVE DE PALAUTORDERA podr\u00e0 modificar la present Pol\u00edtica de Privacitat en qualsevol moment.<br \/> La present Pol\u00edtica de Privacitat es troba actualitzada a data 20 de setembre de 2018.<\/p>\n<\/div>\n<p>[\/et_pb_text][\/et_pb_column][\/et_pb_row][\/et_pb_section]<\/p>\n","protected":false},"excerpt":{"rendered":"<p>Pol\u00edtica de privacitat A TRAIL SANT ESTEVE DE PALAUTORDERA treballem per garantir en el tractament de les seves dades personals. Hem actualitzat la nostra Pol\u00edtica de Privacitat per informar clarament de com recopilem, utilitzem i custodiem les dades de les persones que contacten amb la nostra Organitzaci\u00f3: &nbsp; Informaci\u00f3 B\u00e0sica RESPONSABLE TRAIL SANT ESTEVE DE [&hellip;]<\/p>\n","protected":false},"author":1,"featured_media":0,"parent":0,"menu_order":0,"comment_status":"closed","ping_status":"open","template":"","meta":{"_et_pb_use_builder":"on","_et_pb_old_content":"<h2>Qui\u00e9nes somos<\/h2><p>La direcci\u00f3n de nuestra web es: https:\/\/trail.bpec.es.<\/p><h2>Qu\u00e9 datos personales recogemos y por qu\u00e9 los recogemos<\/h2><h3>Comentarios<\/h3><p>Cuando los visitantes dejan comentarios en la web, recopilamos los datos que se muestran en el formulario de comentarios, as\u00ed como la direcci\u00f3n IP del visitante y la cadena de agentes de usuario del navegador para ayudar a la detecci\u00f3n de spam.<\/p><p>Una cadena an\u00f3nima creada a partir de tu direcci\u00f3n de correo electr\u00f3nico (tambi\u00e9n llamada hash) puede ser proporcionada al servicio de Gravatar para ver si la est\u00e1s usando. La pol\u00edtica de privacidad del servicio Gravatar est\u00e1 disponible aqu\u00ed: https:\/\/automattic.com\/privacy\/. Despu\u00e9s de la aprobaci\u00f3n de tu comentario, la imagen de tu perfil es visible para el p\u00fablico en el contexto de su comentario.<\/p><h3>Medios<\/h3><p>Si subes im\u00e1genes a la web deber\u00edas evitar subir im\u00e1genes con datos de ubicaci\u00f3n (GPS EXIF) incluidos. Los visitantes de la web pueden descargar y extraer cualquier dato de localizaci\u00f3n de las im\u00e1genes de la web.<\/p><h3>Formularios de contacto<\/h3><h3>Cookies<\/h3><p>Si dejas un comentario en nuestro sitio puedes elegir guardar tu nombre, direcci\u00f3n de correo electr\u00f3nico y web en cookies. Esto es para tu comodidad, para que no tengas que volver a rellenar tus datos cuando dejes otro comentario. Estas cookies tendr\u00e1n una duraci\u00f3n de un a\u00f1o.<\/p><p>Si tienes una cuenta y te conectas a este sitio, instalaremos una cookie temporal para determinar si tu navegador acepta cookies. Esta cookie no contiene datos personales y se elimina al cerrar el navegador.<\/p><p>Cuando inicias sesi\u00f3n, tambi\u00e9n instalaremos varias cookies para guardar tu informaci\u00f3n de inicio de sesi\u00f3n y tus opciones de visualizaci\u00f3n de pantalla. Las cookies de inicio de sesi\u00f3n duran dos d\u00edas, y las cookies de opciones de pantalla duran un a\u00f1o. Si seleccionas \"Recordarme\", tu inicio de sesi\u00f3n perdurar\u00e1 durante dos semanas. Si sales de tu cuenta, las cookies de inicio de sesi\u00f3n se eliminar\u00e1n.<\/p><p>Si editas o publicas un art\u00edculo se guardar\u00e1 una cookie adicional en tu navegador. Esta cookie no incluye datos personales y simplemente indica el ID del art\u00edculo que acabas de editar. Caduca despu\u00e9s de 1 d\u00eda.<\/p><h3>Contenido incrustado de otros sitios web<\/h3><p>Los art\u00edculos de este sitio pueden incluir contenido incrustado (por ejemplo, v\u00eddeos, im\u00e1genes, art\u00edculos, etc.). El contenido incrustado de otras web se comporta exactamente de la misma manera que si el visitante hubiera visitado la otra web.<\/p><p>Estas web pueden recopilar datos sobre ti, utilizar cookies, incrustar un seguimiento adicional de terceros, y supervisar tu interacci\u00f3n con ese contenido incrustado, incluido el seguimiento de tu interacci\u00f3n con el contenido incrustado si tienes una cuenta y est\u00e1s conectado a esa web.<\/p><h3>Anal\u00edtica<\/h3><h2>Con qui\u00e9n compartimos tus datos<\/h2><h2>Cu\u00e1nto tiempo conservamos tus datos<\/h2><p>Si dejas un comentario, el comentario y sus metadatos se conservan indefinidamente. Esto es para que podamos reconocer y aprobar comentarios sucesivos autom\u00e1ticamente en lugar de mantenerlos en una cola de moderaci\u00f3n.<\/p><p>De los usuarios que se registran en nuestra web (si los hay), tambi\u00e9n almacenamos la informaci\u00f3n personal que proporcionan en su perfil de usuario. Todos los usuarios pueden ver, editar o eliminar su informaci\u00f3n personal en cualquier momento (excepto que no pueden cambiar su nombre de usuario). Los administradores de la web tambi\u00e9n pueden ver y editar esa informaci\u00f3n.<\/p><h2>Qu\u00e9 derechos tienes sobre tus datos<\/h2><p>Si tienes una cuenta o has dejado comentarios en esta web, puedes solicitar recibir un archivo de exportaci\u00f3n de los datos personales que tenemos sobre ti, incluyendo cualquier dato que nos hayas proporcionado. Tambi\u00e9n puedes solicitar que eliminemos cualquier dato personal que tengamos sobre ti. Esto no incluye ning\u00fan dato que estemos obligados a conservar con fines administrativos, legales o de seguridad.<\/p><h2>D\u00f3nde enviamos tus datos<\/h2><p>Los comentarios de los visitantes puede que los revise un servicio de detecci\u00f3n autom\u00e1tica de spam.<\/p><h2>Tu informaci\u00f3n de contacto<\/h2><h2>Informaci\u00f3n adicional<\/h2><h3>C\u00f3mo protegemos tus datos<\/h3><h3>Qu\u00e9 procedimientos utilizamos contra las brechas de datos<\/h3><h3>De qu\u00e9 terceros recibimos datos<\/h3><h3>Qu\u00e9 tipo de toma de decisiones automatizada y\/o perfilado hacemos con los datos del usuario<\/h3><h3>Requerimientos regulatorios de revelaci\u00f3n de informaci\u00f3n del sector<\/h3>","_et_gb_content_width":"","footnotes":""},"class_list":["post-3","page","type-page","status-publish","hentry"],"_links":{"self":[{"href":"https:\/\/trailse.com\/es\/wp-json\/wp\/v2\/pages\/3","targetHints":{"allow":["GET"]}}],"collection":[{"href":"https:\/\/trailse.com\/es\/wp-json\/wp\/v2\/pages"}],"about":[{"href":"https:\/\/trailse.com\/es\/wp-json\/wp\/v2\/types\/page"}],"author":[{"embeddable":true,"href":"https:\/\/trailse.com\/es\/wp-json\/wp\/v2\/users\/1"}],"replies":[{"embeddable":true,"href":"https:\/\/trailse.com\/es\/wp-json\/wp\/v2\/comments?post=3"}],"version-history":[{"count":1,"href":"https:\/\/trailse.com\/es\/wp-json\/wp\/v2\/pages\/3\/revisions"}],"predecessor-version":[{"id":1069,"href":"https:\/\/trailse.com\/es\/wp-json\/wp\/v2\/pages\/3\/revisions\/1069"}],"wp:attachment":[{"href":"https:\/\/trailse.com\/es\/wp-json\/wp\/v2\/media?parent=3"}],"curies":[{"name":"wp","href":"https:\/\/api.w.org\/{rel}","templated":true}]}}